{"version":"1.0","provider_name":"France Aviation Civile Services","provider_url":"https:\/\/fracs.aero\/fr\/","title":"T\u00e9moignage de St\u00e9phane Rozalen, Contr\u00f4leur A\u00e9rien - France Aviation Civile Services","type":"rich","width":600,"height":338,"html":"<blockquote class=\"wp-embedded-content\" data-secret=\"1PPaHjmCBN\"><a href=\"https:\/\/fracs.aero\/fr\/2020\/07\/07\/temoignage-de-stephane-rozalen-controleur-aerien\/\">T\u00e9moignage de St\u00e9phane Rozalen, Contr\u00f4leur A\u00e9rien<\/a><\/blockquote><iframe sandbox=\"allow-scripts\" security=\"restricted\" src=\"https:\/\/fracs.aero\/fr\/2020\/07\/07\/temoignage-de-stephane-rozalen-controleur-aerien\/embed\/#?secret=1PPaHjmCBN\" width=\"600\" height=\"338\" title=\"\u00ab\u00a0T\u00e9moignage de St\u00e9phane Rozalen, Contr\u00f4leur A\u00e9rien\u00a0\u00bb &#8212; France Aviation Civile Services\" data-secret=\"1PPaHjmCBN\" frameborder=\"0\" marginwidth=\"0\" marginheight=\"0\" scrolling=\"no\" class=\"wp-embedded-content\"><\/iframe><script type=\"text\/javascript\">\n\/* <![CDATA[ *\/\n\/*! This file is auto-generated *\/\n!function(d,l){\"use strict\";l.querySelector&&d.addEventListener&&\"undefined\"!=typeof URL&&(d.wp=d.wp||{},d.wp.receiveEmbedMessage||(d.wp.receiveEmbedMessage=function(e){var t=e.data;if((t||t.secret||t.message||t.value)&&!\/[^a-zA-Z0-9]\/.test(t.secret)){for(var s,r,n,a=l.querySelectorAll('iframe[data-secret=\"'+t.secret+'\"]'),o=l.querySelectorAll('blockquote[data-secret=\"'+t.secret+'\"]'),c=new RegExp(\"^https?:$\",\"i\"),i=0;i<o.length;i++)o[i].style.display=\"none\";for(i=0;i<a.length;i++)s=a[i],e.source===s.contentWindow&&(s.removeAttribute(\"style\"),\"height\"===t.message?(1e3<(r=parseInt(t.value,10))?r=1e3:~~r<200&&(r=200),s.height=r):\"link\"===t.message&&(r=new URL(s.getAttribute(\"src\")),n=new URL(t.value),c.test(n.protocol))&&n.host===r.host&&l.activeElement===s&&(d.top.location.href=t.value))}},d.addEventListener(\"message\",d.wp.receiveEmbedMessage,!1),l.addEventListener(\"DOMContentLoaded\",function(){for(var e,t,s=l.querySelectorAll(\"iframe.wp-embedded-content\"),r=0;r<s.length;r++)(t=(e=s[r]).getAttribute(\"data-secret\"))||(t=Math.random().toString(36).substring(2,12),e.src+=\"#?secret=\"+t,e.setAttribute(\"data-secret\",t)),e.contentWindow.postMessage({message:\"ready\",secret:t},\"*\")},!1)))}(window,document);\n\/\/# sourceURL=https:\/\/fracs.aero\/wp-includes\/js\/wp-embed.min.js\n\/* ]]> *\/\n<\/script>\n","thumbnail_url":"https:\/\/fracs.aero\/wp-content\/uploads\/2020\/06\/bandeau-expert-web.png","thumbnail_width":705,"thumbnail_height":150,"description":"Pr\u00e9sentez votre parcours professionnel en quelques lignes \u00c9l\u00e8ve ICNA \u00e0 l\u2019ENAC en 1991, premi\u00e8re affectation au CRNA Est \u00e0 Reims en 1993, PC puis chef de salle en CRNA. Mutation \u00e0 Marseille, en Provence, en 2003, PC approche et puis chef de tour. J\u2019ai eu l\u2019opportunit\u00e9 de prendre des fonctions d\u2019encadrement \u00e0 Marseille, de chef [&hellip;]"}